{"id":1582,"date":"2022-07-01T20:59:35","date_gmt":"2022-07-01T18:59:35","guid":{"rendered":"http:\/\/passeurspatrimoineplogonnec.fr\/?page_id=1582"},"modified":"2023-11-12T12:42:09","modified_gmt":"2023-11-12T11:42:09","slug":"chapelle-de-la-lorette","status":"publish","type":"page","link":"https:\/\/passeurspatrimoineplogonnec.fr\/?page_id=1582","title":{"rendered":"Chapelle de la Lorette"},"content":{"rendered":"\n<figure class=\"wp-block-gallery has-nested-images columns-default is-cropped wp-block-gallery-1 is-layout-flex wp-block-gallery-is-layout-flex\">\n<figure class=\"wp-block-image size-large\"><a href=\"http:\/\/passeurspatrimoineplogonnec.fr\/wp-content\/uploads\/2022\/07\/la-lorette-origine.jpg\" target=\"_blank\" rel=\"noreferrer noopener\"><img loading=\"lazy\" decoding=\"async\" width=\"326\" height=\"416\" data-id=\"1587\" src=\"http:\/\/passeurspatrimoineplogonnec.fr\/wp-content\/uploads\/2022\/07\/la-lorette-origine.jpg\" alt=\"\" class=\"wp-image-1587\" srcset=\"https:\/\/passeurspatrimoineplogonnec.fr\/wp-content\/uploads\/2022\/07\/la-lorette-origine.jpg 326w, https:\/\/passeurspatrimoineplogonnec.fr\/wp-content\/uploads\/2022\/07\/la-lorette-origine-235x300.jpg 235w\" sizes=\"auto, (max-width: 326px) 100vw, 326px\" \/><\/a><\/figure>\n\n\n\n<figure class=\"wp-block-image size-large\"><a href=\"http:\/\/passeurspatrimoineplogonnec.fr\/wp-content\/uploads\/2023\/01\/la-Lorette.png\" target=\"_blank\" rel=\"noreferrer noopener\"><img loading=\"lazy\" decoding=\"async\" width=\"1024\" height=\"441\" data-id=\"2157\" src=\"http:\/\/passeurspatrimoineplogonnec.fr\/wp-content\/uploads\/2023\/01\/la-Lorette-1024x441.png\" alt=\"\" class=\"wp-image-2157\" srcset=\"https:\/\/passeurspatrimoineplogonnec.fr\/wp-content\/uploads\/2023\/01\/la-Lorette-1024x441.png 1024w, https:\/\/passeurspatrimoineplogonnec.fr\/wp-content\/uploads\/2023\/01\/la-Lorette-300x129.png 300w, https:\/\/passeurspatrimoineplogonnec.fr\/wp-content\/uploads\/2023\/01\/la-Lorette-768x331.png 768w, https:\/\/passeurspatrimoineplogonnec.fr\/wp-content\/uploads\/2023\/01\/la-Lorette.png 1195w\" sizes=\"auto, (max-width: 1024px) 100vw, 1024px\" \/><\/a><\/figure>\n<\/figure>\n\n\n\n<p><\/p>\n\n\n\n<p><\/p>\n\n\n\n<p><a href=\"https:\/\/www.plogonnec.fr\/chapelle-de-la-lorette\/\" target=\"_blank\" rel=\"noreferrer noopener\">Lien vers le site de la commune de Plogonnec<\/a><\/p>\n\n\n\n<p><a href=\"http:\/\/www.jplours.fr\/plogonnec_la_lorette.htm\" target=\"_blank\" rel=\"noreferrer noopener\">Lien vers le site internet de Jean-Pierre Lours<\/a><\/p>\n\n\n\n<p><a href=\"https:\/\/www.lavieb-aile.com\/article-la-chapelle-de-la-lorette-a-plogonnec-109127377.html\" target=\"_blank\" rel=\"noreferrer noopener\">Lien vers le site de Jean-yves Cordier<\/a><\/p>\n\n\n\n<p><\/p>\n\n\n\n<h2 class=\"wp-block-heading\">L&rsquo;expertise de Andr\u00e9 Bozec<\/h2>\n\n\n\n<p><strong>LA CHAPELLE DE LA LORETTE.<\/strong><\/p>\n\n\n\n<p>Cette chapelle assez r\u00e9cente fait la suite d\u2019une autre chapelle plus ancienne qui se trouvait plus bas au bord de la voie ferr\u00e9e \u00e0 Meil Ste\u00efr. Elle fut \u00e0 la base de la reprise d\u2019int\u00e9r\u00eats des habitants de Plogonnec pour leurs nombreuses chapelles durant le troisi\u00e8me quart du XX<sup>e<\/sup> si\u00e8cle. Au-del\u00e0 de l\u2019\u00e9difice lui-m\u00eame nous avons ici une belle illustration du dynamisme d\u2019une tr\u00eave de la paroisse.<\/p>\n\n\n\n<p><strong>1\u00b0 L\u2019ext\u00e9rieur de la chapelle de la Lorette.<\/strong><\/p>\n\n\n\n<p>C\u2019est un \u00e9difice r\u00e9gulier de style n\u00e9ogothique en forme de croix latine, b\u00e2ti en 1872 sur les plans de Joseph Bigot. Elle a remplac\u00e9 une petite chapelle du XVII<sup>e<\/sup> si\u00e8cle qui se situait plus bas au bord de la rivi\u00e8re du Ste\u00efr Pen Odet, \u00e0 Meil Ste\u00efr. Elle y avait \u00e9t\u00e9 construite par un seigneur de Rubian qui avait manqu\u00e9 de se noyer en traversant la rivi\u00e8re en cet endroit. Le terrain du \u00ab&nbsp;leurguer&nbsp;\u00bb de la chapelle, sauf une bande dans le fond est, est une vente de la famille Bozec qui \u00e0 l\u2019\u00e9poque r\u00e9sidait \u00e0 la ferme voisine de Kerivoal.<\/p>\n\n\n\n<p>Le chevet de la chapelle est plat, ce qui a permis un heureux placement de la sacristie. Les murs sont couverts de ciment, \u00e0 l\u2019exception des pierres d\u2019angles. Le clocher \u00e9lanc\u00e9, \u00e0 pinacles et g\u00e2bles aveugles renforce l\u2019impression de hauteur du b\u00e2timent et reprend bien les proportions en usage dans les clochers du m\u00eame style r\u00e9alis\u00e9 bien ant\u00e9rieurement au XVIII<sup>e<\/sup> si\u00e8cle.<\/p>\n\n\n\n<p><strong>2\u00b0 L\u2019int\u00e9rieur de la chapelle de la Lorette.<\/strong><\/p>\n\n\n\n<p>L\u2019int\u00e9rieur de la chapelle est enti\u00e8rement enduit de ciment \u00e0 l\u2019exception des entablements et de la sabli\u00e8re qui reprend \u00e7a et l\u00e0 des \u00e9l\u00e9ments de celle de l\u2019ancienne chapelle, avec entre autre la sc\u00e8ne insolite du renard qui boit dans un pot en face d\u2019un chat et autrement celle d\u2019un petit requin qui souffle dans l\u2019arri\u00e8re train d\u2019un griffon&nbsp;!<\/p>\n\n\n\n<p>Trois socles de statue situ\u00e9s dans le c\u0153ur semblent de par leur facture \u00eatre issus de l\u2019ancienne chapelle. Le croisillon du sud du transept conserve quelques ex-voto. Les statues anciennes du XVII<sup>e<\/sup> sont celles de Saint Michel, de Saint Gabriel, et de Notre-Dame de Lorette qui est ici r\u00e9ellement habill\u00e9e et qui porte en plus une tiare. La petite statue de Saint Jean est aussi du XVII<sup>e<\/sup> si\u00e8cle. L\u2019on trouve aussi deux statues d\u2019\u00e9v\u00eaques du XVIII<sup>e<\/sup> si\u00e8cle en bois polychrome et d\u2019allure assez fine. Il s\u2019agit de Saint Eug\u00e8ne et de Saint Cadou. La ma\u00eetresse vitre est une \u0153uvre de 1946 de l\u2019atelier du ma\u00eetre-verrier Le Bihan-Saluden, sur un carton de A. No\u00ebl, avec la collaboration d\u2019Y. Dehais et P. Toulhoat, et en suite restaur\u00e9e par Alain Gall, de Guengat, en 1975 et 1976.<\/p>\n\n\n\n<p>Durant la seconde guerre mondiale la sacristie de la chapelle a accueilli des r\u00e9sistants de divers maquis et r\u00e9seau du secteur.<\/p>\n\n\n\n<p>Depuis le d\u00e9but des ann\u00e9es 1970 jusqu\u2019\u00e0 l\u2019ann\u00e9e 2000, une association du quartier de la Lorette a largement contribu\u00e9 \u00e0 la remise en \u00e9tat des lieux et du placitre. Presque tout le b\u00e2timent a \u00e9t\u00e9 revu ou restaur\u00e9 avec bon go\u00fbt. Le placitre a \u00e9t\u00e9 replant\u00e9 et r\u00e9-agenc\u00e9, sous la direction de Monsieur Rose, jardinier en chef de la Ville de Quimper, et habitant du quartier.<\/p>\n\n\n\n<p>Le pardon costum\u00e9 du mois de mai rassemblait agr\u00e9ablement ferveur religieuse et plaisirs de la f\u00eate dans une ambiance bonne enfant, propice aux \u00e9changes entre habitants de vieille souche et les nouveaux venus des lotissements construits plus r\u00e9cemment dans le secteur. De nouvelles consid\u00e9rations religieuses du moment ont mis fin \u00e0 cet \u00e9v\u00e9nement local.<\/p>\n\n\n\n<p><strong>3\u00b0) La fontaine de la Lorette.<\/strong><\/p>\n\n\n\n<p>La fontaine de d\u00e9dicace se trouve en contrebas sur le territoire de Kerfeunteun, \u00e0 gauche en remontant le Ste\u00efr Penn Odet, juste avant le premier bief apr\u00e8s le moulin de la Lorette (Mel Ste\u00efr). Il n\u2019y a pas de monument.<\/p>\n\n\n\n<p><strong>4\u00b0) La pierre ovo\u00efde de jeu.<\/strong><\/p>\n\n\n\n<p>L\u2019on trouve au nord de la chapelle une pierre ovo\u00efde d\u2019une longueur de 60 centim\u00e8tres, d\u2019une largeur de 46 centim\u00e8tres, et de 30 centim\u00e8tres de hauteur. C\u2019est une pierre de jeu de lev\u00e9 de pierre par dessus l\u2019\u00e9paule du lutteur. Cette pierre comporte l\u2019inscription suivante \u00ab&nbsp;CCLXX&nbsp;\u00bb, soit le nombre latin de 270 qui peut correspondre \u00e0 son poids en livres, soit 140 kilogrammes. Les jours de grand pardon il se trouve encore quelque volontaire pour essayer de la lever.<\/p>\n\n\n\n<p><\/p>\n\n\n\n<figure class=\"wp-block-image size-large\"><img loading=\"lazy\" decoding=\"async\" width=\"745\" height=\"1024\" src=\"http:\/\/passeurspatrimoineplogonnec.fr\/wp-content\/uploads\/2022\/07\/pierre-ovoide-745x1024.jpg\" alt=\"\" class=\"wp-image-1597\" srcset=\"https:\/\/passeurspatrimoineplogonnec.fr\/wp-content\/uploads\/2022\/07\/pierre-ovoide-745x1024.jpg 745w, https:\/\/passeurspatrimoineplogonnec.fr\/wp-content\/uploads\/2022\/07\/pierre-ovoide-218x300.jpg 218w, https:\/\/passeurspatrimoineplogonnec.fr\/wp-content\/uploads\/2022\/07\/pierre-ovoide-768x1056.jpg 768w, https:\/\/passeurspatrimoineplogonnec.fr\/wp-content\/uploads\/2022\/07\/pierre-ovoide-1117x1536.jpg 1117w, https:\/\/passeurspatrimoineplogonnec.fr\/wp-content\/uploads\/2022\/07\/pierre-ovoide-1489x2048.jpg 1489w, https:\/\/passeurspatrimoineplogonnec.fr\/wp-content\/uploads\/2022\/07\/pierre-ovoide.jpg 1700w\" sizes=\"auto, (max-width: 745px) 100vw, 745px\" \/><figcaption class=\"wp-element-caption\"><strong>La pierre ovo\u00efde de jeu<\/strong><\/figcaption><\/figure>\n\n\n\n<p><strong>Le pardon de la Lorette se c\u00e9l\u00e8bre le dernier dimanche de mai.<\/strong><\/p>\n\n\n\n<p><strong>Andr\u00e9 Bozec<\/strong><\/p>\n","protected":false},"excerpt":{"rendered":"<p>Lien vers le site de la commune de Plogonnec Lien vers le site internet de Jean-Pierre Lours Lien vers le site de Jean-yves Cordier L&rsquo;expertise de Andr\u00e9 Bozec LA CHAPELLE DE LA LORETTE. Cette chapelle assez r\u00e9cente fait la suite &hellip; <a href=\"https:\/\/passeurspatrimoineplogonnec.fr\/?page_id=1582\">Continuer la lecture <span class=\"meta-nav\">&rarr;<\/span><\/a><\/p>\n","protected":false},"author":1,"featured_media":0,"parent":0,"menu_order":0,"comment_status":"closed","ping_status":"closed","template":"","meta":{"footnotes":""},"class_list":["post-1582","page","type-page","status-publish","hentry"],"yoast_head":"<!-- This site is optimized with the Yoast SEO plugin v27.4 - https:\/\/yoast.com\/product\/yoast-seo-wordpress\/ -->\n<title>Chapelle de la Lorette - Passeurs de Patrimoine de Plogonnec<\/title>\n<meta name=\"robots\" content=\"index, follow, max-snippet:-1, max-image-preview:large, max-video-preview:-1\" \/>\n<link rel=\"canonical\" href=\"https:\/\/passeurspatrimoineplogonnec.fr\/?page_id=1582\" \/>\n<meta property=\"og:locale\" content=\"fr_FR\" \/>\n<meta property=\"og:type\" content=\"article\" \/>\n<meta property=\"og:title\" content=\"Chapelle de la Lorette - Passeurs de Patrimoine de Plogonnec\" \/>\n<meta property=\"og:description\" content=\"Lien vers le site de la commune de Plogonnec Lien vers le site internet de Jean-Pierre Lours Lien vers le site de Jean-yves Cordier L&rsquo;expertise de Andr\u00e9 Bozec LA CHAPELLE DE LA LORETTE. Cette chapelle assez r\u00e9cente fait la suite &hellip; Continuer la lecture &rarr;\" \/>\n<meta property=\"og:url\" content=\"https:\/\/passeurspatrimoineplogonnec.fr\/?page_id=1582\" \/>\n<meta property=\"og:site_name\" content=\"Passeurs de Patrimoine de Plogonnec\" \/>\n<meta property=\"article:modified_time\" content=\"2023-11-12T11:42:09+00:00\" \/>\n<meta property=\"og:image\" content=\"http:\/\/passeurspatrimoineplogonnec.fr\/wp-content\/uploads\/2022\/07\/la-lorette-origine.jpg\" \/>\n<meta name=\"twitter:card\" content=\"summary_large_image\" \/>\n<meta name=\"twitter:label1\" content=\"Dur\u00e9e de lecture estim\u00e9e\" \/>\n\t<meta name=\"twitter:data1\" content=\"4 minutes\" \/>\n<script type=\"application\/ld+json\" class=\"yoast-schema-graph\">{\"@context\":\"https:\\\/\\\/schema.org\",\"@graph\":[{\"@type\":\"WebPage\",\"@id\":\"https:\\\/\\\/passeurspatrimoineplogonnec.fr\\\/?page_id=1582\",\"url\":\"https:\\\/\\\/passeurspatrimoineplogonnec.fr\\\/?page_id=1582\",\"name\":\"Chapelle de la Lorette - Passeurs de Patrimoine de Plogonnec\",\"isPartOf\":{\"@id\":\"https:\\\/\\\/passeurspatrimoineplogonnec.fr\\\/#website\"},\"primaryImageOfPage\":{\"@id\":\"https:\\\/\\\/passeurspatrimoineplogonnec.fr\\\/?page_id=1582#primaryimage\"},\"image\":{\"@id\":\"https:\\\/\\\/passeurspatrimoineplogonnec.fr\\\/?page_id=1582#primaryimage\"},\"thumbnailUrl\":\"http:\\\/\\\/passeurspatrimoineplogonnec.fr\\\/wp-content\\\/uploads\\\/2022\\\/07\\\/la-lorette-origine.jpg\",\"datePublished\":\"2022-07-01T18:59:35+00:00\",\"dateModified\":\"2023-11-12T11:42:09+00:00\",\"breadcrumb\":{\"@id\":\"https:\\\/\\\/passeurspatrimoineplogonnec.fr\\\/?page_id=1582#breadcrumb\"},\"inLanguage\":\"fr-FR\",\"potentialAction\":[{\"@type\":\"ReadAction\",\"target\":[\"https:\\\/\\\/passeurspatrimoineplogonnec.fr\\\/?page_id=1582\"]}]},{\"@type\":\"ImageObject\",\"inLanguage\":\"fr-FR\",\"@id\":\"https:\\\/\\\/passeurspatrimoineplogonnec.fr\\\/?page_id=1582#primaryimage\",\"url\":\"http:\\\/\\\/passeurspatrimoineplogonnec.fr\\\/wp-content\\\/uploads\\\/2022\\\/07\\\/la-lorette-origine.jpg\",\"contentUrl\":\"http:\\\/\\\/passeurspatrimoineplogonnec.fr\\\/wp-content\\\/uploads\\\/2022\\\/07\\\/la-lorette-origine.jpg\"},{\"@type\":\"BreadcrumbList\",\"@id\":\"https:\\\/\\\/passeurspatrimoineplogonnec.fr\\\/?page_id=1582#breadcrumb\",\"itemListElement\":[{\"@type\":\"ListItem\",\"position\":1,\"name\":\"Accueil\",\"item\":\"https:\\\/\\\/passeurspatrimoineplogonnec.fr\\\/\"},{\"@type\":\"ListItem\",\"position\":2,\"name\":\"Chapelle de la Lorette\"}]},{\"@type\":\"WebSite\",\"@id\":\"https:\\\/\\\/passeurspatrimoineplogonnec.fr\\\/#website\",\"url\":\"https:\\\/\\\/passeurspatrimoineplogonnec.fr\\\/\",\"name\":\"Passeurs de Patrimoine de Plogonnec\",\"description\":\"\",\"potentialAction\":[{\"@type\":\"SearchAction\",\"target\":{\"@type\":\"EntryPoint\",\"urlTemplate\":\"https:\\\/\\\/passeurspatrimoineplogonnec.fr\\\/?s={search_term_string}\"},\"query-input\":{\"@type\":\"PropertyValueSpecification\",\"valueRequired\":true,\"valueName\":\"search_term_string\"}}],\"inLanguage\":\"fr-FR\"}]}<\/script>\n<!-- \/ Yoast SEO plugin. -->","yoast_head_json":{"title":"Chapelle de la Lorette - Passeurs de Patrimoine de Plogonnec","robots":{"index":"index","follow":"follow","max-snippet":"max-snippet:-1","max-image-preview":"max-image-preview:large","max-video-preview":"max-video-preview:-1"},"canonical":"https:\/\/passeurspatrimoineplogonnec.fr\/?page_id=1582","og_locale":"fr_FR","og_type":"article","og_title":"Chapelle de la Lorette - Passeurs de Patrimoine de Plogonnec","og_description":"Lien vers le site de la commune de Plogonnec Lien vers le site internet de Jean-Pierre Lours Lien vers le site de Jean-yves Cordier L&rsquo;expertise de Andr\u00e9 Bozec LA CHAPELLE DE LA LORETTE. Cette chapelle assez r\u00e9cente fait la suite &hellip; Continuer la lecture &rarr;","og_url":"https:\/\/passeurspatrimoineplogonnec.fr\/?page_id=1582","og_site_name":"Passeurs de Patrimoine de Plogonnec","article_modified_time":"2023-11-12T11:42:09+00:00","og_image":[{"url":"http:\/\/passeurspatrimoineplogonnec.fr\/wp-content\/uploads\/2022\/07\/la-lorette-origine.jpg","type":"","width":"","height":""}],"twitter_card":"summary_large_image","twitter_misc":{"Dur\u00e9e de lecture estim\u00e9e":"4 minutes"},"schema":{"@context":"https:\/\/schema.org","@graph":[{"@type":"WebPage","@id":"https:\/\/passeurspatrimoineplogonnec.fr\/?page_id=1582","url":"https:\/\/passeurspatrimoineplogonnec.fr\/?page_id=1582","name":"Chapelle de la Lorette - Passeurs de Patrimoine de Plogonnec","isPartOf":{"@id":"https:\/\/passeurspatrimoineplogonnec.fr\/#website"},"primaryImageOfPage":{"@id":"https:\/\/passeurspatrimoineplogonnec.fr\/?page_id=1582#primaryimage"},"image":{"@id":"https:\/\/passeurspatrimoineplogonnec.fr\/?page_id=1582#primaryimage"},"thumbnailUrl":"http:\/\/passeurspatrimoineplogonnec.fr\/wp-content\/uploads\/2022\/07\/la-lorette-origine.jpg","datePublished":"2022-07-01T18:59:35+00:00","dateModified":"2023-11-12T11:42:09+00:00","breadcrumb":{"@id":"https:\/\/passeurspatrimoineplogonnec.fr\/?page_id=1582#breadcrumb"},"inLanguage":"fr-FR","potentialAction":[{"@type":"ReadAction","target":["https:\/\/passeurspatrimoineplogonnec.fr\/?page_id=1582"]}]},{"@type":"ImageObject","inLanguage":"fr-FR","@id":"https:\/\/passeurspatrimoineplogonnec.fr\/?page_id=1582#primaryimage","url":"http:\/\/passeurspatrimoineplogonnec.fr\/wp-content\/uploads\/2022\/07\/la-lorette-origine.jpg","contentUrl":"http:\/\/passeurspatrimoineplogonnec.fr\/wp-content\/uploads\/2022\/07\/la-lorette-origine.jpg"},{"@type":"BreadcrumbList","@id":"https:\/\/passeurspatrimoineplogonnec.fr\/?page_id=1582#breadcrumb","itemListElement":[{"@type":"ListItem","position":1,"name":"Accueil","item":"https:\/\/passeurspatrimoineplogonnec.fr\/"},{"@type":"ListItem","position":2,"name":"Chapelle de la Lorette"}]},{"@type":"WebSite","@id":"https:\/\/passeurspatrimoineplogonnec.fr\/#website","url":"https:\/\/passeurspatrimoineplogonnec.fr\/","name":"Passeurs de Patrimoine de Plogonnec","description":"","potentialAction":[{"@type":"SearchAction","target":{"@type":"EntryPoint","urlTemplate":"https:\/\/passeurspatrimoineplogonnec.fr\/?s={search_term_string}"},"query-input":{"@type":"PropertyValueSpecification","valueRequired":true,"valueName":"search_term_string"}}],"inLanguage":"fr-FR"}]}},"_links":{"self":[{"href":"https:\/\/passeurspatrimoineplogonnec.fr\/index.php?rest_route=\/wp\/v2\/pages\/1582","targetHints":{"allow":["GET"]}}],"collection":[{"href":"https:\/\/passeurspatrimoineplogonnec.fr\/index.php?rest_route=\/wp\/v2\/pages"}],"about":[{"href":"https:\/\/passeurspatrimoineplogonnec.fr\/index.php?rest_route=\/wp\/v2\/types\/page"}],"author":[{"embeddable":true,"href":"https:\/\/passeurspatrimoineplogonnec.fr\/index.php?rest_route=\/wp\/v2\/users\/1"}],"replies":[{"embeddable":true,"href":"https:\/\/passeurspatrimoineplogonnec.fr\/index.php?rest_route=%2Fwp%2Fv2%2Fcomments&post=1582"}],"version-history":[{"count":15,"href":"https:\/\/passeurspatrimoineplogonnec.fr\/index.php?rest_route=\/wp\/v2\/pages\/1582\/revisions"}],"predecessor-version":[{"id":2169,"href":"https:\/\/passeurspatrimoineplogonnec.fr\/index.php?rest_route=\/wp\/v2\/pages\/1582\/revisions\/2169"}],"wp:attachment":[{"href":"https:\/\/passeurspatrimoineplogonnec.fr\/index.php?rest_route=%2Fwp%2Fv2%2Fmedia&parent=1582"}],"curies":[{"name":"wp","href":"https:\/\/api.w.org\/{rel}","templated":true}]}}