{"id":558,"date":"2021-12-03T17:07:44","date_gmt":"2021-12-03T16:07:44","guid":{"rendered":"http:\/\/passeurspatrimoineplogonnec.fr\/?page_id=558"},"modified":"2023-11-12T12:47:43","modified_gmt":"2023-11-12T11:47:43","slug":"le-monument-aux-morts-de-plogonnec","status":"publish","type":"page","link":"https:\/\/passeurspatrimoineplogonnec.fr\/?page_id=558","title":{"rendered":"Le monument aux morts de Plogonnec"},"content":{"rendered":"\n<p><\/p>\n\n\n<div class=\"wp-block-image\">\n<figure class=\"aligncenter size-full\"><a href=\"http:\/\/passeurspatrimoineplogonnec.fr\/wp-content\/uploads\/2021\/12\/monument-aux-morts.jpg\" target=\"_blank\" rel=\"noopener\"><img loading=\"lazy\" decoding=\"async\" width=\"300\" height=\"225\" src=\"http:\/\/passeurspatrimoineplogonnec.fr\/wp-content\/uploads\/2021\/12\/monument-aux-morts1.jpg\" alt=\"\" class=\"wp-image-561\"\/><\/a><\/figure>\n<\/div>\n\n\n<p><\/p>\n\n\n\n<p><\/p>\n\n\n\n<p>Le plac\u00eetre de l\u2019\u00e9glise de Plogonnec comporte deux arcs de triomphe. L\u2019un se situe \u00e0 l\u2019est et date du XVI<sup>\u00e8me<\/sup>&nbsp;si\u00e8cle et a \u00e9t\u00e9 surmont\u00e9 au XVIII<sup>\u00e8me<\/sup>&nbsp;si\u00e8cle d\u2019un fronton classique. L\u2019autre se situe au nord-ouest et date dans sa partie ancienne du XVII<sup>\u00e8me<\/sup>&nbsp;si\u00e8cle. Ce dernier fait office de monument aux morts. Cet arc a connu plusieurs usages et destinations. Il a \u00e9t\u00e9 compl\u00e9t\u00e9 par deux hauts reliefs de&nbsp;<a href=\"https:\/\/www.google.com\/url?q=https:\/\/fr.wikipedia.org\/wiki\/Paul_Simon_(sculpteur)&amp;sa=D&amp;source=editors&amp;ust=1638551217839000&amp;usg=AOvVaw0DA5WAcmGO0vz1ejjft2cy\">Paul Simon<\/a>.<\/p>\n\n\n\n<p>Cet arc de triomphe se trouvait \u00e0 l\u2019origine \u00e0 l\u2019angle de la rue du plac\u00eetre et de la rue de&nbsp;<a href=\"https:\/\/www.google.com\/url?q=https:\/\/fr.wikipedia.org\/wiki\/Douarnenez&amp;sa=D&amp;source=editors&amp;ust=1638551217840000&amp;usg=AOvVaw3yQeXdddrn8Jv8N3HnjcGR\">Douarnenez<\/a>, \u00e0 la place du menhir christianis\u00e9 qui s\u2019y trouve actuellement. Apr\u00e8s la premi\u00e8re guerre mondiale se posa le probl\u00e8me de &nbsp;comm\u00e9morer la disparition des 167 plogonnistes morts durant le conflit. Le conseil municipal, \u00e0 l\u2019\u00e9poque par soucis d\u2019\u00e9conomie, ne voulut pas faire du neuf et retint le principe de l\u2019adaptation du second arc de triomphe, avec en plus deux hauts reliefs originaux. Il fut aussi convenu de d\u00e9placer ce monument au nord-ouest de l\u2019enceinte \u00e0 la place d\u2019un menhir christianis\u00e9. Cette op\u00e9ration \u00e9tait financ\u00e9e par une souscription publique.<\/p>\n\n\n\n<p>La conception de ce monument est l\u2019\u0153uvre de l\u2019architecte de&nbsp;<a href=\"https:\/\/www.google.com\/url?q=http:\/\/data.bnf.fr\/11197779\/charles_chaussepied\/&amp;sa=D&amp;source=editors&amp;ust=1638551217841000&amp;usg=AOvVaw10gC6JV38hW6uJEVYLXMKl\">Charles Chaussepied<\/a>&nbsp;(1865-1930). Les travaux de transferts ont \u00e9t\u00e9 r\u00e9alis\u00e9s par l\u2019entreprise Cornec de Ch\u00e2teaulin. Ce fut aussi l\u2019occasion pour restructurer cet ensemble en r\u00e9novant lourdement les deux arcs lat\u00e9raux dont le bouchardage est d\u2019une r\u00e9alisation plus fine que tout le reste du corps central dont l\u2019arc a \u00e9t\u00e9 aveugl\u00e9 pour servir de support aux plaques d\u2019ardoises nominatives. La croix sommitale semble aussi avoir \u00e9t\u00e9 reprise.<\/p>\n\n\n\n<p>Le tout se d\u00e9ploie sur une longueur de 8,42 m\u00e8tres, avec un corps central d\u2019un peu moins de 4 m\u00e8tres et accost\u00e9 de deux piliers carr\u00e9s de 68 centim\u00e8tres de section et li\u00e9s sur 1,20 m\u00e8tre \u00e0 la base par un \u00e9chalier de 60 centim\u00e8tres de haut et surmont\u00e9 par un arc nervur\u00e9 hissant d\u2019une commode \u00e0 simple moulure pour rejoindre la partie centrale par une fausse agrafe rhombo\u00efde. Les piliers lat\u00e9raux ext\u00e9rieurs sont renforc\u00e9s \u00e0 l\u2019arri\u00e8re par des contreforts tandis que les piliers de l\u2019arc central sont aussi renforc\u00e9s \u00e0 l\u2019avant par des contreforts qui servent chacun de support \u00e0 une plaque d\u2019ardoise m\u00e9morielle.<\/p>\n\n\n\n<p>L\u2019arc central est aveugle sur 2,20 m\u00e8tres et accueil trois plaques d\u2019ardoises m\u00e9morielles. Il est accost\u00e9 dans sa partie haute par deux hauts reliefs qui se d\u00e9ploient depuis les contreforts avant en suivant la courbe d\u2019arc pour se caler \u00e0 l\u2019horizontale jusqu\u2019\u00e0 la base du fronton. Celui-ci est de forme triangulaire avec un larmier et une double \u00e9chancrure circulaire au sommet qui est orn\u00e9 d\u2019une croix d\u2019inspiration celtique aux extr\u00e9mit\u00e9s h\u00e9misph\u00e9riques.<\/p>\n\n\n\n<p>&nbsp;Les piliers lat\u00e9raux sont de base carr\u00e9e, avec des moulures dans la partie haute. Un chapiteau moulur\u00e9 cale le tout qui est coiff\u00e9 d\u2019un d\u00f4me octogonal \u00e0 nervures surmont\u00e9 d\u2019un plus petit d\u00f4me m\u00e9dian somm\u00e9 d\u2019un lanternon.<\/p>\n\n\n\n<p>L\u2019hommage m\u00e9moriel s\u2019exprime de deux fa\u00e7ons sur cet ensemble par un groupe de plaques d\u2019ardoises somm\u00e9es en arc gothique et par les deux hauts reliefs.<\/p>\n\n\n\n<p>Les plaques relatives \u00e0 la premi\u00e8re guerre mondiale sont au nombre de trois et sont plac\u00e9es \u00e0 30 centim\u00e8tres de la base. La plaque centrale (220 cm X 85 cm) comporte deux colonnes nominatives, les deux plaques lat\u00e9rales (100 cm X 40 cm) en comportent qu\u2019une. L\u2019ensemble \u00e9voque les noms de 167 hommes, avec seulement les initiales des pr\u00e9noms mais la mention compl\u00e8te de sa ferme quand il est paysan au de sa bourgade autrement. Il ne fait pas mention du cas de sans doute trois journaliers natifs de Plogonnec mais sans aveux au d\u00e9but du conflit.<\/p>\n\n\n\n<p><\/p>\n\n\n<div class=\"wp-block-image\">\n<figure class=\"aligncenter size-full\"><img loading=\"lazy\" decoding=\"async\" width=\"386\" height=\"250\" src=\"http:\/\/passeurspatrimoineplogonnec.fr\/wp-content\/uploads\/2021\/12\/haut-relief-1-1.png\" alt=\"\" class=\"wp-image-566\" srcset=\"https:\/\/passeurspatrimoineplogonnec.fr\/wp-content\/uploads\/2021\/12\/haut-relief-1-1.png 386w, https:\/\/passeurspatrimoineplogonnec.fr\/wp-content\/uploads\/2021\/12\/haut-relief-1-1-300x194.png 300w\" sizes=\"auto, (max-width: 386px) 100vw, 386px\" \/><\/figure>\n<\/div>\n\n<div class=\"wp-block-image\">\n<figure class=\"aligncenter size-medium is-resized\"><img loading=\"lazy\" decoding=\"async\" width=\"300\" height=\"204\" src=\"http:\/\/passeurspatrimoineplogonnec.fr\/wp-content\/uploads\/2021\/12\/haut-relief-2-300x204.png\" alt=\"\" class=\"wp-image-567\" style=\"width:386px;height:250px\" srcset=\"https:\/\/passeurspatrimoineplogonnec.fr\/wp-content\/uploads\/2021\/12\/haut-relief-2-300x204.png 300w, https:\/\/passeurspatrimoineplogonnec.fr\/wp-content\/uploads\/2021\/12\/haut-relief-2.png 476w\" sizes=\"auto, (max-width: 300px) 100vw, 300px\" \/><\/figure>\n<\/div>\n\n\n<p>Les deux autres \u00e9l\u00e9ments sont les hauts reliefs de granit sombre de l\u2019arc central. Ils sont l\u2019\u0153uvre du c\u00e9l\u00e8bre sculpteur animalier&nbsp;<a href=\"https:\/\/www.google.com\/url?q=https:\/\/fr.wikipedia.org\/wiki\/Paul_Simon_(sculpteur)&amp;sa=D&amp;source=editors&amp;ust=1638551217845000&amp;usg=AOvVaw2qFgYICPAk4U-rCUi94N9R\">Paul Simon (1892 \u2013 1979)<\/a>. C\u2019est le fils du peintre&nbsp;<a href=\"https:\/\/www.google.com\/url?q=https:\/\/fr.wikipedia.org\/wiki\/Lucien_Simon&amp;sa=D&amp;source=editors&amp;ust=1638551217845000&amp;usg=AOvVaw0LYL2b44af8bZp5V5ivj1n\">Lucien Simon<\/a>&nbsp;qui avait une maison \u00e0&nbsp;<a href=\"https:\/\/www.google.com\/url?q=https:\/\/fr.wikipedia.org\/wiki\/%25C3%258Ele-Tudy&amp;sa=D&amp;source=editors&amp;ust=1638551217846000&amp;usg=AOvVaw1LvGJ8v6LD9QU5sv1Dsdng\">l\u2019Ile Tudy<\/a>. Paul Simon n\u2019est intervenu que pour la r\u00e9alisation de seulement deux monuments aux morts dans toute sa production. C\u2019est sans doute par recommandation qu\u2019il a \u00e9t\u00e9 retenu, via le maire de Plogonnec de l\u2019\u00e9poque Henri Damey, juge d\u2019instruction \u00e0 Rennes. &nbsp;Qui plus est la r\u00e9alisation de la commande de Plogonnec correspond \u00e0 une \u00e9tape cruciale de sa carri\u00e8re. Elle a sans doute \u00e9t\u00e9 r\u00e9alis\u00e9e dans le premier semestre de 1921. Le haut relief de gauche repr\u00e9sente deux femmes courb\u00e9es, en tenue de veuvage et \u00e9plor\u00e9es devant un petit calvaire. Derri\u00e8re elles se trouve une petite fille en costume local, debout et les mains jointes. Le haut relief de droite figure un poilu en pleine action en train de prendre une cartouche dans sa cartouchi\u00e8re pour recharger son fusil Lebel. Derri\u00e8re lui, se trouve \u00e0 gauche un marin qui semble \u00eatre en train de tirer depuis une tranch\u00e9e, et \u00e0 droite des canons de fusils qui viennent animer la sc\u00e8ne.<\/p>\n\n\n\n<p><a href=\"https:\/\/www.google.com\/url?q=https:\/\/docs.google.com\/document\/d\/e\/2PACX-1vTiSuW2FMZRu785-YZPl49vIaEhbUNYaC9m3PFhXb15dKQWVrRDyngrLqGDaKFC71G8ck9pyWk-YrqH\/pub&amp;sa=D&amp;source=editors&amp;ust=1638551217847000&amp;usg=AOvVaw0rngmzQyXGdgyTimnQbV_m\">Le monument a \u00e9t\u00e9 inaugur\u00e9 le 27 novembre 1921<\/a>. Suite \u00e0 la seconde guerre mondiale l\u2019on y ajouta sur les contreforts de l\u2019arc central deux plaques d\u2019ardoise pour 20 d\u00e9c\u00e8s. Enfin, une discr\u00e8te plaque d\u2019ardoise avec la mention \u00ab Aux combattants A.F.N. 1952 \u2013 1962 \u00bb a \u00e9t\u00e9 plac\u00e9e en bas de l\u2019arc central pour comm\u00e9morer l\u2019engagement des plogonnistes dans la guerre d\u2019Alg\u00e9rie.<\/p>\n\n\n\n<p>Plogonnec, le 09 novembre 2014.<\/p>\n\n\n\n<p class=\"has-text-align-right\"><strong>Andr\u00e9 Bozec<\/strong><\/p>\n\n\n\n<p><\/p>\n\n\n\n<p>*****************************************************************************************<\/p>\n\n\n\n<p><\/p>\n\n\n\n<h3 class=\"wp-block-heading\" id=\"h.fbu1n5sgompx\"><strong>Monument aux morts de Sainte Anne d\u2019Auray<\/strong><\/h3>\n\n\n\n<p>Le&nbsp;<a href=\"https:\/\/www.google.com\/url?q=http:\/\/abpo.revues.org\/536&amp;sa=D&amp;source=editors&amp;ust=1638551217851000&amp;usg=AOvVaw0cwlpR4364AUbQH9A4cvku\">monument aux morts de Sainte Anne d\u2019Auray<\/a>&nbsp;\u00e9voque les noms de quelques morts de Plogonnec au cours de la Premi\u00e8re Guerre mondiale. Ils ne sont qu\u2019au nombre de huit. Cela s\u2019explique par le fait que l\u2019inscription \u00e9tait payante et assez on\u00e9reuse \u00e0 l\u2019\u00e9poque de la mise en place du m\u00e9morial. La mention se situe au fonds de l\u2019esplanade, au premier tiers de l\u2019arc de la trav\u00e9e du c\u00f4t\u00e9 droit. L\u2019inscription est la suivante :<\/p>\n\n\n\n<p class=\"has-text-align-center\"><strong>Doyenne de Douarnenez<\/strong><\/p>\n\n\n\n<p class=\"has-text-align-center\"><strong>Plogonnec<\/strong><\/p>\n\n\n\n<p>Pierre DOUERIN &nbsp; &nbsp; &nbsp; &nbsp; &nbsp; &nbsp; &nbsp; &nbsp; &nbsp; &nbsp; &nbsp; &nbsp; &nbsp; &nbsp; &nbsp; &nbsp; &nbsp; &nbsp; &nbsp; &nbsp; &nbsp; &nbsp; &nbsp; &nbsp; &nbsp; &nbsp; &nbsp; &nbsp; &nbsp; &nbsp; &nbsp; &nbsp; &nbsp; &nbsp; &nbsp; &nbsp; &nbsp; &nbsp; &nbsp; &nbsp; &nbsp; &nbsp; &nbsp; &nbsp; &nbsp; &nbsp; &nbsp; &nbsp;Yves MOREAU<\/p>\n\n\n\n<p>Abb\u00e9 Jean HEYDON &nbsp; &nbsp; &nbsp; &nbsp; &nbsp; &nbsp; &nbsp; &nbsp; &nbsp; &nbsp; &nbsp; &nbsp; &nbsp; &nbsp; &nbsp; &nbsp; &nbsp; &nbsp; &nbsp; &nbsp; &nbsp; &nbsp; &nbsp; &nbsp; &nbsp; &nbsp; &nbsp; &nbsp; &nbsp; &nbsp; &nbsp; &nbsp; &nbsp; &nbsp; &nbsp; &nbsp; &nbsp; &nbsp; &nbsp; &nbsp; &nbsp; &nbsp; &nbsp; &nbsp; &nbsp; Jean MOREAU<\/p>\n\n\n\n<p>J. de KEROULAS &nbsp; &nbsp; &nbsp; &nbsp; &nbsp; &nbsp; &nbsp; &nbsp; &nbsp; &nbsp; &nbsp; &nbsp; &nbsp; &nbsp; &nbsp; &nbsp; &nbsp; &nbsp; &nbsp; &nbsp; &nbsp; &nbsp; &nbsp; &nbsp; &nbsp; &nbsp; &nbsp; &nbsp; &nbsp; &nbsp; &nbsp; &nbsp; &nbsp; &nbsp; &nbsp; &nbsp; &nbsp; &nbsp; &nbsp; &nbsp; &nbsp; &nbsp; &nbsp; &nbsp; &nbsp;T. de KEROULAS<\/p>\n\n\n\n<p>Pierre BOURHIS<\/p>\n\n\n\n<p>Thurien BOURHIS<\/p>\n\n\n\n<p class=\"has-text-align-center\">Sante Anne d\u2019Auray, le 17 f\u00e9vrier 2015.<\/p>\n\n\n\n<p class=\"has-text-align-right\"><strong>Andr\u00e9 Bozec<\/strong><\/p>\n\n\n\n<p>*****************************************************************************************<\/p>\n\n\n\n<p><\/p>\n\n\n\n<p class=\"has-text-align-center\"><strong>Photos du monument aux morts de Plogonnec<\/strong><\/p>\n\n\n\n<p><\/p>\n\n\n\n<figure class=\"wp-block-image size-large\"><img loading=\"lazy\" decoding=\"async\" width=\"1024\" height=\"649\" src=\"http:\/\/passeurspatrimoineplogonnec.fr\/wp-content\/uploads\/2021\/12\/monument-aux-morts-2-1024x649.jpg\" alt=\"\" class=\"wp-image-577\" srcset=\"https:\/\/passeurspatrimoineplogonnec.fr\/wp-content\/uploads\/2021\/12\/monument-aux-morts-2-1024x649.jpg 1024w, https:\/\/passeurspatrimoineplogonnec.fr\/wp-content\/uploads\/2021\/12\/monument-aux-morts-2-300x190.jpg 300w, https:\/\/passeurspatrimoineplogonnec.fr\/wp-content\/uploads\/2021\/12\/monument-aux-morts-2-768x487.jpg 768w, https:\/\/passeurspatrimoineplogonnec.fr\/wp-content\/uploads\/2021\/12\/monument-aux-morts-2.jpg 1389w\" sizes=\"auto, (max-width: 1024px) 100vw, 1024px\" \/><\/figure>\n\n\n\n<p><\/p>\n\n\n\n<figure class=\"wp-block-image size-large\"><img loading=\"lazy\" decoding=\"async\" width=\"1024\" height=\"672\" src=\"http:\/\/passeurspatrimoineplogonnec.fr\/wp-content\/uploads\/2021\/12\/monument-aux-morts-3-1024x672.jpg\" alt=\"\" class=\"wp-image-578\" srcset=\"https:\/\/passeurspatrimoineplogonnec.fr\/wp-content\/uploads\/2021\/12\/monument-aux-morts-3-1024x672.jpg 1024w, https:\/\/passeurspatrimoineplogonnec.fr\/wp-content\/uploads\/2021\/12\/monument-aux-morts-3-300x197.jpg 300w, https:\/\/passeurspatrimoineplogonnec.fr\/wp-content\/uploads\/2021\/12\/monument-aux-morts-3-768x504.jpg 768w, https:\/\/passeurspatrimoineplogonnec.fr\/wp-content\/uploads\/2021\/12\/monument-aux-morts-3.jpg 1348w\" sizes=\"auto, (max-width: 1024px) 100vw, 1024px\" \/><\/figure>\n\n\n\n<p><\/p>\n\n\n\n<p>*****************************************************************************************<\/p>\n\n\n\n<p><strong>Noms des soldats inscrits sur le monument aux morts de Plogonnec<\/strong><\/p>\n\n\n\n<p><\/p>\n\n\n\n<div class=\"wp-block-columns are-vertically-aligned-bottom is-layout-flex wp-container-core-columns-is-layout-9d6595d7 wp-block-columns-is-layout-flex\">\n<div class=\"wp-block-column is-vertically-aligned-bottom is-layout-flow wp-block-column-is-layout-flow\" style=\"flex-basis:100%\">\n<div class=\"wp-block-columns is-layout-flex wp-container-core-columns-is-layout-9d6595d7 wp-block-columns-is-layout-flex\">\n<div class=\"wp-block-column is-layout-flow wp-block-column-is-layout-flow\" style=\"flex-basis:100%\">\n<figure class=\"wp-block-gallery has-nested-images columns-default is-cropped wp-block-gallery-1 is-layout-flex wp-block-gallery-is-layout-flex\">\n<figure class=\"wp-block-image size-large\"><img loading=\"lazy\" decoding=\"async\" width=\"494\" height=\"801\" data-id=\"585\" src=\"http:\/\/passeurspatrimoineplogonnec.fr\/wp-content\/uploads\/2021\/12\/noms-sur-monument-1-1.jpg\" alt=\"\" class=\"wp-image-585\" srcset=\"https:\/\/passeurspatrimoineplogonnec.fr\/wp-content\/uploads\/2021\/12\/noms-sur-monument-1-1.jpg 494w, https:\/\/passeurspatrimoineplogonnec.fr\/wp-content\/uploads\/2021\/12\/noms-sur-monument-1-1-185x300.jpg 185w\" sizes=\"auto, (max-width: 494px) 100vw, 494px\" \/><\/figure>\n\n\n\n<figure class=\"wp-block-image size-large\"><img loading=\"lazy\" decoding=\"async\" width=\"465\" height=\"724\" data-id=\"586\" src=\"http:\/\/passeurspatrimoineplogonnec.fr\/wp-content\/uploads\/2021\/12\/noms-sur-monument-2-1.jpg\" alt=\"\" class=\"wp-image-586\" srcset=\"https:\/\/passeurspatrimoineplogonnec.fr\/wp-content\/uploads\/2021\/12\/noms-sur-monument-2-1.jpg 465w, https:\/\/passeurspatrimoineplogonnec.fr\/wp-content\/uploads\/2021\/12\/noms-sur-monument-2-1-193x300.jpg 193w\" sizes=\"auto, (max-width: 465px) 100vw, 465px\" \/><\/figure>\n<\/figure>\n<\/div>\n<\/div>\n<\/div>\n<\/div>\n\n\n\n<figure class=\"wp-block-gallery has-nested-images columns-default is-cropped wp-block-gallery-2 is-layout-flex wp-block-gallery-is-layout-flex\">\n<figure class=\"wp-block-image size-large\"><img loading=\"lazy\" decoding=\"async\" width=\"264\" height=\"793\" data-id=\"588\" src=\"http:\/\/passeurspatrimoineplogonnec.fr\/wp-content\/uploads\/2021\/12\/noms-sur-monument-3-1.jpg\" alt=\"\" class=\"wp-image-588\" srcset=\"https:\/\/passeurspatrimoineplogonnec.fr\/wp-content\/uploads\/2021\/12\/noms-sur-monument-3-1.jpg 264w, https:\/\/passeurspatrimoineplogonnec.fr\/wp-content\/uploads\/2021\/12\/noms-sur-monument-3-1-100x300.jpg 100w\" sizes=\"auto, (max-width: 264px) 100vw, 264px\" \/><\/figure>\n\n\n\n<figure class=\"wp-block-image size-large\"><img loading=\"lazy\" decoding=\"async\" width=\"227\" height=\"804\" data-id=\"589\" src=\"http:\/\/passeurspatrimoineplogonnec.fr\/wp-content\/uploads\/2021\/12\/noms-sur-monument-4-1.jpg\" alt=\"\" class=\"wp-image-589\" srcset=\"https:\/\/passeurspatrimoineplogonnec.fr\/wp-content\/uploads\/2021\/12\/noms-sur-monument-4-1.jpg 227w, https:\/\/passeurspatrimoineplogonnec.fr\/wp-content\/uploads\/2021\/12\/noms-sur-monument-4-1-85x300.jpg 85w\" sizes=\"auto, (max-width: 227px) 100vw, 227px\" \/><\/figure>\n<\/figure>\n","protected":false},"excerpt":{"rendered":"<p>Le plac\u00eetre de l\u2019\u00e9glise de Plogonnec comporte deux arcs de triomphe. L\u2019un se situe \u00e0 l\u2019est et date du XVI\u00e8me&nbsp;si\u00e8cle et a \u00e9t\u00e9 surmont\u00e9 au XVIII\u00e8me&nbsp;si\u00e8cle d\u2019un fronton classique. L\u2019autre se situe au nord-ouest et date dans sa partie ancienne &hellip; <a href=\"https:\/\/passeurspatrimoineplogonnec.fr\/?page_id=558\">Continuer la lecture <span class=\"meta-nav\">&rarr;<\/span><\/a><\/p>\n","protected":false},"author":1,"featured_media":0,"parent":0,"menu_order":0,"comment_status":"closed","ping_status":"closed","template":"","meta":{"footnotes":""},"class_list":["post-558","page","type-page","status-publish","hentry"],"yoast_head":"<!-- This site is optimized with the Yoast SEO plugin v27.5 - https:\/\/yoast.com\/product\/yoast-seo-wordpress\/ -->\n<title>Le monument aux morts de Plogonnec - Passeurs de Patrimoine de Plogonnec<\/title>\n<meta name=\"robots\" content=\"index, follow, max-snippet:-1, max-image-preview:large, max-video-preview:-1\" \/>\n<link rel=\"canonical\" href=\"https:\/\/passeurspatrimoineplogonnec.fr\/?page_id=558\" \/>\n<meta property=\"og:locale\" content=\"fr_FR\" \/>\n<meta property=\"og:type\" content=\"article\" \/>\n<meta property=\"og:title\" content=\"Le monument aux morts de Plogonnec - Passeurs de Patrimoine de Plogonnec\" \/>\n<meta property=\"og:description\" content=\"Le plac\u00eetre de l\u2019\u00e9glise de Plogonnec comporte deux arcs de triomphe. L\u2019un se situe \u00e0 l\u2019est et date du XVI\u00e8me&nbsp;si\u00e8cle et a \u00e9t\u00e9 surmont\u00e9 au XVIII\u00e8me&nbsp;si\u00e8cle d\u2019un fronton classique. L\u2019autre se situe au nord-ouest et date dans sa partie ancienne &hellip; Continuer la lecture &rarr;\" \/>\n<meta property=\"og:url\" content=\"https:\/\/passeurspatrimoineplogonnec.fr\/?page_id=558\" \/>\n<meta property=\"og:site_name\" content=\"Passeurs de Patrimoine de Plogonnec\" \/>\n<meta property=\"article:modified_time\" content=\"2023-11-12T11:47:43+00:00\" \/>\n<meta property=\"og:image\" content=\"http:\/\/passeurspatrimoineplogonnec.fr\/wp-content\/uploads\/2021\/12\/monument-aux-morts1.jpg\" \/>\n<meta name=\"twitter:card\" content=\"summary_large_image\" \/>\n<meta name=\"twitter:label1\" content=\"Dur\u00e9e de lecture estim\u00e9e\" \/>\n\t<meta name=\"twitter:data1\" content=\"7 minutes\" \/>\n<script type=\"application\/ld+json\" class=\"yoast-schema-graph\">{\"@context\":\"https:\\\/\\\/schema.org\",\"@graph\":[{\"@type\":\"WebPage\",\"@id\":\"https:\\\/\\\/passeurspatrimoineplogonnec.fr\\\/?page_id=558\",\"url\":\"https:\\\/\\\/passeurspatrimoineplogonnec.fr\\\/?page_id=558\",\"name\":\"Le monument aux morts de Plogonnec - Passeurs de Patrimoine de Plogonnec\",\"isPartOf\":{\"@id\":\"https:\\\/\\\/passeurspatrimoineplogonnec.fr\\\/#website\"},\"primaryImageOfPage\":{\"@id\":\"https:\\\/\\\/passeurspatrimoineplogonnec.fr\\\/?page_id=558#primaryimage\"},\"image\":{\"@id\":\"https:\\\/\\\/passeurspatrimoineplogonnec.fr\\\/?page_id=558#primaryimage\"},\"thumbnailUrl\":\"http:\\\/\\\/passeurspatrimoineplogonnec.fr\\\/wp-content\\\/uploads\\\/2021\\\/12\\\/monument-aux-morts1.jpg\",\"datePublished\":\"2021-12-03T16:07:44+00:00\",\"dateModified\":\"2023-11-12T11:47:43+00:00\",\"breadcrumb\":{\"@id\":\"https:\\\/\\\/passeurspatrimoineplogonnec.fr\\\/?page_id=558#breadcrumb\"},\"inLanguage\":\"fr-FR\",\"potentialAction\":[{\"@type\":\"ReadAction\",\"target\":[\"https:\\\/\\\/passeurspatrimoineplogonnec.fr\\\/?page_id=558\"]}]},{\"@type\":\"ImageObject\",\"inLanguage\":\"fr-FR\",\"@id\":\"https:\\\/\\\/passeurspatrimoineplogonnec.fr\\\/?page_id=558#primaryimage\",\"url\":\"https:\\\/\\\/passeurspatrimoineplogonnec.fr\\\/wp-content\\\/uploads\\\/2021\\\/12\\\/monument-aux-morts1.jpg\",\"contentUrl\":\"https:\\\/\\\/passeurspatrimoineplogonnec.fr\\\/wp-content\\\/uploads\\\/2021\\\/12\\\/monument-aux-morts1.jpg\",\"width\":300,\"height\":225},{\"@type\":\"BreadcrumbList\",\"@id\":\"https:\\\/\\\/passeurspatrimoineplogonnec.fr\\\/?page_id=558#breadcrumb\",\"itemListElement\":[{\"@type\":\"ListItem\",\"position\":1,\"name\":\"Accueil\",\"item\":\"https:\\\/\\\/passeurspatrimoineplogonnec.fr\\\/\"},{\"@type\":\"ListItem\",\"position\":2,\"name\":\"Le monument aux morts de Plogonnec\"}]},{\"@type\":\"WebSite\",\"@id\":\"https:\\\/\\\/passeurspatrimoineplogonnec.fr\\\/#website\",\"url\":\"https:\\\/\\\/passeurspatrimoineplogonnec.fr\\\/\",\"name\":\"Passeurs de Patrimoine de Plogonnec\",\"description\":\"\",\"potentialAction\":[{\"@type\":\"SearchAction\",\"target\":{\"@type\":\"EntryPoint\",\"urlTemplate\":\"https:\\\/\\\/passeurspatrimoineplogonnec.fr\\\/?s={search_term_string}\"},\"query-input\":{\"@type\":\"PropertyValueSpecification\",\"valueRequired\":true,\"valueName\":\"search_term_string\"}}],\"inLanguage\":\"fr-FR\"}]}<\/script>\n<!-- \/ Yoast SEO plugin. -->","yoast_head_json":{"title":"Le monument aux morts de Plogonnec - Passeurs de Patrimoine de Plogonnec","robots":{"index":"index","follow":"follow","max-snippet":"max-snippet:-1","max-image-preview":"max-image-preview:large","max-video-preview":"max-video-preview:-1"},"canonical":"https:\/\/passeurspatrimoineplogonnec.fr\/?page_id=558","og_locale":"fr_FR","og_type":"article","og_title":"Le monument aux morts de Plogonnec - Passeurs de Patrimoine de Plogonnec","og_description":"Le plac\u00eetre de l\u2019\u00e9glise de Plogonnec comporte deux arcs de triomphe. L\u2019un se situe \u00e0 l\u2019est et date du XVI\u00e8me&nbsp;si\u00e8cle et a \u00e9t\u00e9 surmont\u00e9 au XVIII\u00e8me&nbsp;si\u00e8cle d\u2019un fronton classique. L\u2019autre se situe au nord-ouest et date dans sa partie ancienne &hellip; Continuer la lecture &rarr;","og_url":"https:\/\/passeurspatrimoineplogonnec.fr\/?page_id=558","og_site_name":"Passeurs de Patrimoine de Plogonnec","article_modified_time":"2023-11-12T11:47:43+00:00","og_image":[{"url":"http:\/\/passeurspatrimoineplogonnec.fr\/wp-content\/uploads\/2021\/12\/monument-aux-morts1.jpg","type":"","width":"","height":""}],"twitter_card":"summary_large_image","twitter_misc":{"Dur\u00e9e de lecture estim\u00e9e":"7 minutes"},"schema":{"@context":"https:\/\/schema.org","@graph":[{"@type":"WebPage","@id":"https:\/\/passeurspatrimoineplogonnec.fr\/?page_id=558","url":"https:\/\/passeurspatrimoineplogonnec.fr\/?page_id=558","name":"Le monument aux morts de Plogonnec - Passeurs de Patrimoine de Plogonnec","isPartOf":{"@id":"https:\/\/passeurspatrimoineplogonnec.fr\/#website"},"primaryImageOfPage":{"@id":"https:\/\/passeurspatrimoineplogonnec.fr\/?page_id=558#primaryimage"},"image":{"@id":"https:\/\/passeurspatrimoineplogonnec.fr\/?page_id=558#primaryimage"},"thumbnailUrl":"http:\/\/passeurspatrimoineplogonnec.fr\/wp-content\/uploads\/2021\/12\/monument-aux-morts1.jpg","datePublished":"2021-12-03T16:07:44+00:00","dateModified":"2023-11-12T11:47:43+00:00","breadcrumb":{"@id":"https:\/\/passeurspatrimoineplogonnec.fr\/?page_id=558#breadcrumb"},"inLanguage":"fr-FR","potentialAction":[{"@type":"ReadAction","target":["https:\/\/passeurspatrimoineplogonnec.fr\/?page_id=558"]}]},{"@type":"ImageObject","inLanguage":"fr-FR","@id":"https:\/\/passeurspatrimoineplogonnec.fr\/?page_id=558#primaryimage","url":"https:\/\/passeurspatrimoineplogonnec.fr\/wp-content\/uploads\/2021\/12\/monument-aux-morts1.jpg","contentUrl":"https:\/\/passeurspatrimoineplogonnec.fr\/wp-content\/uploads\/2021\/12\/monument-aux-morts1.jpg","width":300,"height":225},{"@type":"BreadcrumbList","@id":"https:\/\/passeurspatrimoineplogonnec.fr\/?page_id=558#breadcrumb","itemListElement":[{"@type":"ListItem","position":1,"name":"Accueil","item":"https:\/\/passeurspatrimoineplogonnec.fr\/"},{"@type":"ListItem","position":2,"name":"Le monument aux morts de Plogonnec"}]},{"@type":"WebSite","@id":"https:\/\/passeurspatrimoineplogonnec.fr\/#website","url":"https:\/\/passeurspatrimoineplogonnec.fr\/","name":"Passeurs de Patrimoine de Plogonnec","description":"","potentialAction":[{"@type":"SearchAction","target":{"@type":"EntryPoint","urlTemplate":"https:\/\/passeurspatrimoineplogonnec.fr\/?s={search_term_string}"},"query-input":{"@type":"PropertyValueSpecification","valueRequired":true,"valueName":"search_term_string"}}],"inLanguage":"fr-FR"}]}},"_links":{"self":[{"href":"https:\/\/passeurspatrimoineplogonnec.fr\/index.php?rest_route=\/wp\/v2\/pages\/558","targetHints":{"allow":["GET"]}}],"collection":[{"href":"https:\/\/passeurspatrimoineplogonnec.fr\/index.php?rest_route=\/wp\/v2\/pages"}],"about":[{"href":"https:\/\/passeurspatrimoineplogonnec.fr\/index.php?rest_route=\/wp\/v2\/types\/page"}],"author":[{"embeddable":true,"href":"https:\/\/passeurspatrimoineplogonnec.fr\/index.php?rest_route=\/wp\/v2\/users\/1"}],"replies":[{"embeddable":true,"href":"https:\/\/passeurspatrimoineplogonnec.fr\/index.php?rest_route=%2Fwp%2Fv2%2Fcomments&post=558"}],"version-history":[{"count":17,"href":"https:\/\/passeurspatrimoineplogonnec.fr\/index.php?rest_route=\/wp\/v2\/pages\/558\/revisions"}],"predecessor-version":[{"id":3812,"href":"https:\/\/passeurspatrimoineplogonnec.fr\/index.php?rest_route=\/wp\/v2\/pages\/558\/revisions\/3812"}],"wp:attachment":[{"href":"https:\/\/passeurspatrimoineplogonnec.fr\/index.php?rest_route=%2Fwp%2Fv2%2Fmedia&parent=558"}],"curies":[{"name":"wp","href":"https:\/\/api.w.org\/{rel}","templated":true}]}}